{"id":1405,"date":"2021-02-09T23:19:17","date_gmt":"2021-02-09T23:19:17","guid":{"rendered":"https:\/\/tenerife-hike-wandern.com\/?page_id=1405"},"modified":"2021-06-10T15:54:18","modified_gmt":"2021-06-10T15:54:18","slug":"teide-sunset","status":"publish","type":"page","link":"https:\/\/tenerife-hike-wandern.com\/?page_id=1405","title":{"rendered":"TEIDE TOP BY SUNSET"},"content":{"rendered":"\t\t<div data-elementor-type=\"wp-page\" data-elementor-id=\"1405\" class=\"elementor elementor-1405\" data-elementor-settings=\"[]\">\n\t\t\t\t\t\t<div class=\"elementor-inner\">\n\t\t\t\t\t\t\t<div class=\"elementor-section-wrap\">\n\t\t\t\t\t\t\t<section class=\"elementor-section elementor-top-section elementor-element elementor-element-7acb56b4 elementor-section-content-middle elementor-section-boxed elementor-section-height-default elementor-section-height-default\" data-id=\"7acb56b4\" data-element_type=\"section\">\n\t\t\t\t\t\t<div class=\"elementor-container elementor-column-gap-no\">\n\t\t\t\t\t\t\t<div class=\"elementor-row\">\n\t\t\t\t\t<div class=\"elementor-column elementor-col-100 elementor-top-column elementor-element elementor-element-7b04362d\" data-id=\"7b04362d\" data-element_type=\"column\">\n\t\t\t<div class=\"elementor-column-wrap elementor-element-populated\">\n\t\t\t\t\t\t\t<div class=\"elementor-widget-wrap\">\n\t\t\t\t\t\t<div class=\"elementor-element elementor-element-646af5a3 elementor-widget elementor-widget-heading\" data-id=\"646af5a3\" data-element_type=\"widget\" data-widget_type=\"heading.default\">\n\t\t\t\t<div class=\"elementor-widget-container\">\n\t\t\t<h4 class=\"elementor-heading-title elementor-size-default\">TEIDE descenso <\/h4>\t\t<\/div>\n\t\t\t\t<\/div>\n\t\t\t\t<div class=\"elementor-element elementor-element-6b599aad elementor-widget elementor-widget-image\" data-id=\"6b599aad\" data-element_type=\"widget\" data-widget_type=\"image.default\">\n\t\t\t\t<div class=\"elementor-widget-container\">\n\t\t\t\t\t\t\t\t<div class=\"elementor-image\">\n\t\t\t\t\t\t\t\t\t\t\t\t<img width=\"1024\" height=\"768\" src=\"https:\/\/tenerife-hike-wandern.com\/wp-content\/uploads\/2021\/05\/Teide-top-shadow-Gregorios-trekking-Tenerife-1-1024x768.jpg\" class=\"attachment-large size-large\" alt=\"Teide top shadow Gregorios trekking Tenerife\" srcset=\"https:\/\/tenerife-hike-wandern.com\/wp-content\/uploads\/2021\/05\/Teide-top-shadow-Gregorios-trekking-Tenerife-1-1024x768.jpg 1024w, https:\/\/tenerife-hike-wandern.com\/wp-content\/uploads\/2021\/05\/Teide-top-shadow-Gregorios-trekking-Tenerife-1-300x225.jpg 300w, https:\/\/tenerife-hike-wandern.com\/wp-content\/uploads\/2021\/05\/Teide-top-shadow-Gregorios-trekking-Tenerife-1-768x576.jpg 768w, https:\/\/tenerife-hike-wandern.com\/wp-content\/uploads\/2021\/05\/Teide-top-shadow-Gregorios-trekking-Tenerife-1-1536x1152.jpg 1536w, https:\/\/tenerife-hike-wandern.com\/wp-content\/uploads\/2021\/05\/Teide-top-shadow-Gregorios-trekking-Tenerife-1-2048x1536.jpg 2048w\" sizes=\"(max-width: 1024px) 100vw, 1024px\" \/>\t\t\t\t\t\t\t\t\t\t\t\t\t\t<\/div>\n\t\t\t\t\t\t<\/div>\n\t\t\t\t<\/div>\n\t\t\t\t<section class=\"elementor-section elementor-inner-section elementor-element elementor-element-4dbcc7b5 elementor-section-content-middle elementor-section-boxed elementor-section-height-default elementor-section-height-default\" data-id=\"4dbcc7b5\" data-element_type=\"section\">\n\t\t\t\t\t\t<div class=\"elementor-container elementor-column-gap-no\">\n\t\t\t\t\t\t\t<div class=\"elementor-row\">\n\t\t\t\t\t<div class=\"elementor-column elementor-col-33 elementor-inner-column elementor-element elementor-element-185fd9b\" data-id=\"185fd9b\" data-element_type=\"column\">\n\t\t\t<div class=\"elementor-column-wrap elementor-element-populated\">\n\t\t\t\t\t\t\t<div class=\"elementor-widget-wrap\">\n\t\t\t\t\t\t<div class=\"elementor-element elementor-element-54eaf120 elementor-widget elementor-widget-image\" data-id=\"54eaf120\" data-element_type=\"widget\" data-widget_type=\"image.default\">\n\t\t\t\t<div class=\"elementor-widget-container\">\n\t\t\t\t\t\t\t\t<div class=\"elementor-image\">\n\t\t\t\t\t\t\t\t\t\t\t\t<img width=\"1024\" height=\"923\" src=\"https:\/\/tenerife-hike-wandern.com\/wp-content\/uploads\/2021\/03\/Teide-pico-1-1024x923.jpg\" class=\"attachment-large size-large\" alt=\"Teide pico, senderismo, Gipfel, Spitze, wandern. top. Gregorios Trekking Tenerife\" srcset=\"https:\/\/tenerife-hike-wandern.com\/wp-content\/uploads\/2021\/03\/Teide-pico-1-1024x923.jpg 1024w, https:\/\/tenerife-hike-wandern.com\/wp-content\/uploads\/2021\/03\/Teide-pico-1-300x270.jpg 300w, https:\/\/tenerife-hike-wandern.com\/wp-content\/uploads\/2021\/03\/Teide-pico-1-768x692.jpg 768w, https:\/\/tenerife-hike-wandern.com\/wp-content\/uploads\/2021\/03\/Teide-pico-1.jpg 1080w\" sizes=\"(max-width: 1024px) 100vw, 1024px\" \/>\t\t\t\t\t\t\t\t\t\t\t\t\t\t<\/div>\n\t\t\t\t\t\t<\/div>\n\t\t\t\t<\/div>\n\t\t\t\t\t\t<\/div>\n\t\t\t\t\t<\/div>\n\t\t<\/div>\n\t\t\t\t<div class=\"elementor-column elementor-col-33 elementor-inner-column elementor-element elementor-element-888cc8\" data-id=\"888cc8\" data-element_type=\"column\">\n\t\t\t<div class=\"elementor-column-wrap elementor-element-populated\">\n\t\t\t\t\t\t\t<div class=\"elementor-widget-wrap\">\n\t\t\t\t\t\t<div class=\"elementor-element elementor-element-4706203a elementor-widget elementor-widget-heading\" data-id=\"4706203a\" data-element_type=\"widget\" data-widget_type=\"heading.default\">\n\t\t\t\t<div class=\"elementor-widget-container\">\n\t\t\t<h2 class=\"elementor-heading-title elementor-size-default\">TEIDE SUNSET<\/h2>\t\t<\/div>\n\t\t\t\t<\/div>\n\t\t\t\t<div class=\"elementor-element elementor-element-59e75e7f elementor-widget elementor-widget-text-editor\" data-id=\"59e75e7f\" data-element_type=\"widget\" data-widget_type=\"text-editor.default\">\n\t\t\t\t<div class=\"elementor-widget-container\">\n\t\t\t\t\t\t\t\t<div class=\"elementor-text-editor elementor-clearfix\">\n\t\t\t\t<p><strong>SE REQUIERE DE PERMISO, CON MAS DE 1 SEMANA DE ANTELACI\u00d3N , PARA ACCEDER AL PICO. Contacta con nosotros con tiempo<\/strong>.<\/p>\t\t\t\t\t<\/div>\n\t\t\t\t\t\t<\/div>\n\t\t\t\t<\/div>\n\t\t\t\t\t\t<\/div>\n\t\t\t\t\t<\/div>\n\t\t<\/div>\n\t\t\t\t<div class=\"elementor-column elementor-col-33 elementor-inner-column elementor-element elementor-element-15aae022\" data-id=\"15aae022\" data-element_type=\"column\">\n\t\t\t<div class=\"elementor-column-wrap elementor-element-populated\">\n\t\t\t\t\t\t\t<div class=\"elementor-widget-wrap\">\n\t\t\t\t\t\t<div class=\"elementor-element elementor-element-1de1fb85 elementor-widget elementor-widget-image\" data-id=\"1de1fb85\" data-element_type=\"widget\" data-widget_type=\"image.default\">\n\t\t\t\t<div class=\"elementor-widget-container\">\n\t\t\t\t\t\t\t\t<div class=\"elementor-image\">\n\t\t\t\t\t\t\t\t\t\t\t\t<img width=\"1024\" height=\"923\" src=\"https:\/\/tenerife-hike-wandern.com\/wp-content\/uploads\/2021\/03\/Guajara-estrellas-1024x923.jpg\" class=\"attachment-large size-large\" alt=\"Teide sunset Gregorios trekking Tenerife\" srcset=\"https:\/\/tenerife-hike-wandern.com\/wp-content\/uploads\/2021\/03\/Guajara-estrellas-1024x923.jpg 1024w, https:\/\/tenerife-hike-wandern.com\/wp-content\/uploads\/2021\/03\/Guajara-estrellas-300x270.jpg 300w, https:\/\/tenerife-hike-wandern.com\/wp-content\/uploads\/2021\/03\/Guajara-estrellas-768x692.jpg 768w, https:\/\/tenerife-hike-wandern.com\/wp-content\/uploads\/2021\/03\/Guajara-estrellas.jpg 1080w\" sizes=\"(max-width: 1024px) 100vw, 1024px\" \/>\t\t\t\t\t\t\t\t\t\t\t\t\t\t<\/div>\n\t\t\t\t\t\t<\/div>\n\t\t\t\t<\/div>\n\t\t\t\t\t\t<\/div>\n\t\t\t\t\t<\/div>\n\t\t<\/div>\n\t\t\t\t\t\t\t\t<\/div>\n\t\t\t\t\t<\/div>\n\t\t<\/section>\n\t\t\t\t<section class=\"elementor-section elementor-inner-section elementor-element elementor-element-2a800f09 elementor-section-content-middle elementor-section-boxed elementor-section-height-default elementor-section-height-default\" data-id=\"2a800f09\" data-element_type=\"section\">\n\t\t\t\t\t\t<div class=\"elementor-container elementor-column-gap-no\">\n\t\t\t\t\t\t\t<div class=\"elementor-row\">\n\t\t\t\t\t<div class=\"elementor-column elementor-col-33 elementor-inner-column elementor-element elementor-element-46bb113e\" data-id=\"46bb113e\" data-element_type=\"column\">\n\t\t\t<div class=\"elementor-column-wrap elementor-element-populated\">\n\t\t\t\t\t\t\t<div class=\"elementor-widget-wrap\">\n\t\t\t\t\t\t<div class=\"elementor-element elementor-element-20354fa7 elementor-widget elementor-widget-heading\" data-id=\"20354fa7\" data-element_type=\"widget\" data-widget_type=\"heading.default\">\n\t\t\t\t<div class=\"elementor-widget-container\">\n\t\t\t<h2 class=\"elementor-heading-title elementor-size-default\">Ese momento m\u00e1gico<\/h2>\t\t<\/div>\n\t\t\t\t<\/div>\n\t\t\t\t<div class=\"elementor-element elementor-element-66f3d1ed elementor-widget elementor-widget-text-editor\" data-id=\"66f3d1ed\" data-element_type=\"widget\" data-widget_type=\"text-editor.default\">\n\t\t\t\t<div class=\"elementor-widget-container\">\n\t\t\t\t\t\t\t\t<div class=\"elementor-text-editor elementor-clearfix\">\n\t\t\t\t<p>El atardecer, cuando el Sol, declina. La luz ya no es tan fuerte, y no hace el fr\u00edo de la ma\u00f1ana. El cielo se\u00a0 enciende. Se enrojece, y todo se vuelve rojo\u00a0 o como dec\u00eda Edith Piaf\u00a0 \u00abLa vida en rosa\u00bb Sin lugar a dudas el mejor momento para disfrutar, y hacer fotos<\/p>\t\t\t\t\t<\/div>\n\t\t\t\t\t\t<\/div>\n\t\t\t\t<\/div>\n\t\t\t\t\t\t<\/div>\n\t\t\t\t\t<\/div>\n\t\t<\/div>\n\t\t\t\t<div class=\"elementor-column elementor-col-33 elementor-inner-column elementor-element elementor-element-259ca8eb\" data-id=\"259ca8eb\" data-element_type=\"column\">\n\t\t\t<div class=\"elementor-column-wrap\">\n\t\t\t\t\t\t\t<div class=\"elementor-widget-wrap\">\n\t\t\t\t\t\t\t\t<\/div>\n\t\t\t\t\t<\/div>\n\t\t<\/div>\n\t\t\t\t<div class=\"elementor-column elementor-col-33 elementor-inner-column elementor-element elementor-element-2c26593f\" data-id=\"2c26593f\" data-element_type=\"column\">\n\t\t\t<div class=\"elementor-column-wrap elementor-element-populated\">\n\t\t\t\t\t\t\t<div class=\"elementor-widget-wrap\">\n\t\t\t\t\t\t<div class=\"elementor-element elementor-element-4cb64a37 elementor-widget elementor-widget-heading\" data-id=\"4cb64a37\" data-element_type=\"widget\" data-widget_type=\"heading.default\">\n\t\t\t\t<div class=\"elementor-widget-container\">\n\t\t\t<h2 class=\"elementor-heading-title elementor-size-default\">Log\u00edstica<\/h2>\t\t<\/div>\n\t\t\t\t<\/div>\n\t\t\t\t<div class=\"elementor-element elementor-element-2542d9a elementor-widget elementor-widget-read-more\" data-id=\"2542d9a\" data-element_type=\"widget\" data-widget_type=\"read-more.default\">\n\t\t\t\t<div class=\"elementor-widget-container\">\n\t\t\t<\/div><\/div><\/div><\/div><\/div><\/div><\/div><\/section><\/div><\/div><\/div><\/div><\/div><\/section><\/div><\/div><\/div> <a href=\"https:\/\/tenerife-hike-wandern.com\/?page_id=1405#more-1405\" class=\"more-link elementor-more-link\"><span aria-label=\"Sigue leyendo TEIDE TOP BY SUNSET\">Sigue leyendo<\/span><\/a>","protected":false},"excerpt":{"rendered":"<p>TEIDE descenso TEIDE SUNSET SE REQUIERE DE PERMISO, CON MAS DE 1 SEMANA DE ANTELACI\u00d3N , PARA ACCEDER AL PICO. Contacta con nosotros con tiempo. Ese momento m\u00e1gico El atardecer, cuando el Sol, declina. La luz ya no es tan fuerte, y no hace el fr\u00edo de la ma\u00f1ana. El cielo se\u00a0 enciende. Se enrojece, [&hellip;]<\/p>\n","protected":false},"author":1,"featured_media":0,"parent":0,"menu_order":0,"comment_status":"closed","ping_status":"closed","template":"","meta":[],"_links":{"self":[{"href":"https:\/\/tenerife-hike-wandern.com\/index.php?rest_route=\/wp\/v2\/pages\/1405"}],"collection":[{"href":"https:\/\/tenerife-hike-wandern.com\/index.php?rest_route=\/wp\/v2\/pages"}],"about":[{"href":"https:\/\/tenerife-hike-wandern.com\/index.php?rest_route=\/wp\/v2\/types\/page"}],"author":[{"embeddable":true,"href":"https:\/\/tenerife-hike-wandern.com\/index.php?rest_route=\/wp\/v2\/users\/1"}],"replies":[{"embeddable":true,"href":"https:\/\/tenerife-hike-wandern.com\/index.php?rest_route=%2Fwp%2Fv2%2Fcomments&post=1405"}],"version-history":[{"count":21,"href":"https:\/\/tenerife-hike-wandern.com\/index.php?rest_route=\/wp\/v2\/pages\/1405\/revisions"}],"predecessor-version":[{"id":2149,"href":"https:\/\/tenerife-hike-wandern.com\/index.php?rest_route=\/wp\/v2\/pages\/1405\/revisions\/2149"}],"wp:attachment":[{"href":"https:\/\/tenerife-hike-wandern.com\/index.php?rest_route=%2Fwp%2Fv2%2Fmedia&parent=1405"}],"curies":[{"name":"wp","href":"https:\/\/api.w.org\/{rel}","templated":true}]}}